{"id":1586,"date":"2023-10-27T12:16:03","date_gmt":"2023-10-27T12:16:03","guid":{"rendered":"https:\/\/conic.cat\/proyecto\/rector-ubach\/"},"modified":"2024-01-08T14:11:50","modified_gmt":"2024-01-08T14:11:50","slug":"rector-ubach","status":"publish","type":"proyecto","link":"https:\/\/conic.cat\/es\/proyecto\/rector-ubach\/","title":{"rendered":"RECTOR UBACH"},"content":{"rendered":"\t\t<div data-elementor-type=\"wp-post\" data-elementor-id=\"1586\" class=\"elementor elementor-1586 elementor-899\" data-elementor-post-type=\"proyecto\">\n\t\t\t\t<div class=\"elementor-element elementor-element-93d4799 e-con-full e-flex e-con e-parent\" data-id=\"93d4799\" data-element_type=\"container\">\n\t\t\t\t<div class=\"elementor-element elementor-element-1705576 elementor-widget elementor-widget-heading\" data-id=\"1705576\" data-element_type=\"widget\" data-widget_type=\"heading.default\">\n\t\t\t\t<div class=\"elementor-widget-container\">\n\t\t\t\t\t<h1 class=\"elementor-heading-title elementor-size-default\">RECTOR UBACH<\/h1>\t\t\t\t<\/div>\n\t\t\t\t<\/div>\n\t\t<div class=\"elementor-element elementor-element-ebaa66d e-flex e-con-boxed e-con e-child\" data-id=\"ebaa66d\" data-element_type=\"container\" data-settings=\"{&quot;background_background&quot;:&quot;classic&quot;}\">\n\t\t\t\t\t<div class=\"e-con-inner\">\n\t\t\t\t<div class=\"elementor-element elementor-element-1994b20 elementor-widget elementor-widget-spacer\" data-id=\"1994b20\" data-element_type=\"widget\" data-widget_type=\"spacer.default\">\n\t\t\t\t<div class=\"elementor-widget-container\">\n\t\t\t\t\t\t\t<div class=\"elementor-spacer\">\n\t\t\t<div class=\"elementor-spacer-inner\"><\/div>\n\t\t<\/div>\n\t\t\t\t\t\t<\/div>\n\t\t\t\t<\/div>\n\t\t\t\t\t<\/div>\n\t\t\t\t<\/div>\n\t\t\t\t<\/div>\n\t\t<div class=\"elementor-element elementor-element-2200191 e-con-full e-flex e-con e-parent\" data-id=\"2200191\" data-element_type=\"container\">\n\t\t\t\t<div class=\"elementor-element elementor-element-28b8003 elementor-widget-divider--view-line elementor-widget elementor-widget-divider\" data-id=\"28b8003\" data-element_type=\"widget\" data-widget_type=\"divider.default\">\n\t\t\t\t<div class=\"elementor-widget-container\">\n\t\t\t\t\t\t\t<div class=\"elementor-divider\">\n\t\t\t<span class=\"elementor-divider-separator\">\n\t\t\t\t\t\t<\/span>\n\t\t<\/div>\n\t\t\t\t\t\t<\/div>\n\t\t\t\t<\/div>\n\t\t<div class=\"elementor-element elementor-element-e79d495 e-con-full e-flex e-con e-child\" data-id=\"e79d495\" data-element_type=\"container\">\n\t\t\t\t<div class=\"elementor-element elementor-element-25fe6bf elementor-widget__width-initial elementor-widget elementor-widget-text-editor\" data-id=\"25fe6bf\" data-element_type=\"widget\" data-widget_type=\"text-editor.default\">\n\t\t\t\t<div class=\"elementor-widget-container\">\n\t\t\t\t\t\t\t\t\t<p>Categor\u00eda: Local comercial<\/p>\n<p>Dise\u00f1o: Maria Guimer\u00e0<br \/>Construcci\u00f3n y gesti\u00f3n: C\u00f2nic<br \/>Fotografia: Cristina Palomar<\/p>\n\t\t\t\t\t\t\t\t<\/div>\n\t\t\t\t<\/div>\n\t\t\t\t<div class=\"elementor-element elementor-element-15bad47 elementor-widget elementor-widget-text-editor\" data-id=\"15bad47\" data-element_type=\"widget\" data-widget_type=\"text-editor.default\">\n\t\t\t\t<div class=\"elementor-widget-container\">\n\t\t\t\t\t\t\t\t\t<p>Reforma integral d\u2019un habitatge unifamiliar situat al carrer Rector Ubach de Barcelona. <br \/>Se modifica la distribuci\u00f3n seg\u00fan las necesidades del cliente, dejando un espacio m\u00e1s funcional en las zonas comunes y abriendo espacio en las habitaciones.<\/p>\n<p>El disseny combina la fusta massissa del paviment i els lacats en portes i armaris.<\/p>\n\t\t\t\t\t\t\t\t<\/div>\n\t\t\t\t<\/div>\n\t\t\t\t<\/div>\n\t\t\t\t<\/div>\n\t\t<div class=\"elementor-element elementor-element-c1786f4 e-con-full e-flex e-con e-parent\" data-id=\"c1786f4\" data-element_type=\"container\">\n\t\t\t\t<div class=\"elementor-element elementor-element-0562250 gallery-spacing-custom elementor-widget elementor-widget-image-gallery\" data-id=\"0562250\" data-element_type=\"widget\" data-widget_type=\"image-gallery.default\">\n\t\t\t\t<div class=\"elementor-widget-container\">\n\t\t\t\t\t\t\t<div class=\"elementor-image-gallery\">\n\t\t\t<div id='gallery-1' class='gallery galleryid-1586 gallery-columns-3 gallery-size-qi_addons_for_elementor_image_size_landscape'><figure class='gallery-item'>\n\t\t\t<div class='gallery-icon portrait'>\n\t\t\t\t<a data-elementor-open-lightbox=\"yes\" data-elementor-lightbox-slideshow=\"0562250\" data-elementor-lightbox-title=\"Conic_Rector Ubach_baixa15\" data-e-action-hash=\"#elementor-action%3Aaction%3Dlightbox%26settings%3DeyJpZCI6MTM0MywidXJsIjoiaHR0cHM6XC9cL2NvbmljLmNhdFwvd3AtY29udGVudFwvdXBsb2Fkc1wvMjAyM1wvMTBcL0NvbmljX1JlY3Rvci1VYmFjaF9iYWl4YTE1LmpwZyIsInNsaWRlc2hvdyI6IjA1NjIyNTAifQ%3D%3D\" href='https:\/\/conic.cat\/wp-content\/uploads\/2023\/10\/Conic_Rector-Ubach_baixa15.jpg'><img fetchpriority=\"high\" decoding=\"async\" width=\"555\" height=\"278\" src=\"https:\/\/conic.cat\/wp-content\/uploads\/2023\/10\/Conic_Rector-Ubach_baixa15-1300x650.jpg\" class=\"attachment-qi_addons_for_elementor_image_size_landscape size-qi_addons_for_elementor_image_size_landscape\" alt=\"\" \/><\/a>\n\t\t\t<\/div><\/figure><figure class='gallery-item'>\n\t\t\t<div class='gallery-icon portrait'>\n\t\t\t\t<a data-elementor-open-lightbox=\"yes\" data-elementor-lightbox-slideshow=\"0562250\" data-elementor-lightbox-title=\"Conic_Rector Ubach_baixa13\" data-e-action-hash=\"#elementor-action%3Aaction%3Dlightbox%26settings%3DeyJpZCI6MTM0MSwidXJsIjoiaHR0cHM6XC9cL2NvbmljLmNhdFwvd3AtY29udGVudFwvdXBsb2Fkc1wvMjAyM1wvMTBcL0NvbmljX1JlY3Rvci1VYmFjaF9iYWl4YTEzLmpwZyIsInNsaWRlc2hvdyI6IjA1NjIyNTAifQ%3D%3D\" href='https:\/\/conic.cat\/wp-content\/uploads\/2023\/10\/Conic_Rector-Ubach_baixa13.jpg'><img decoding=\"async\" width=\"555\" height=\"278\" src=\"https:\/\/conic.cat\/wp-content\/uploads\/2023\/10\/Conic_Rector-Ubach_baixa13-1300x650.jpg\" class=\"attachment-qi_addons_for_elementor_image_size_landscape size-qi_addons_for_elementor_image_size_landscape\" alt=\"\" \/><\/a>\n\t\t\t<\/div><\/figure><figure class='gallery-item'>\n\t\t\t<div class='gallery-icon portrait'>\n\t\t\t\t<a data-elementor-open-lightbox=\"yes\" data-elementor-lightbox-slideshow=\"0562250\" data-elementor-lightbox-title=\"Conic_Rector Ubach_baixa11\" data-e-action-hash=\"#elementor-action%3Aaction%3Dlightbox%26settings%3DeyJpZCI6MTMzOSwidXJsIjoiaHR0cHM6XC9cL2NvbmljLmNhdFwvd3AtY29udGVudFwvdXBsb2Fkc1wvMjAyM1wvMTBcL0NvbmljX1JlY3Rvci1VYmFjaF9iYWl4YTExLmpwZyIsInNsaWRlc2hvdyI6IjA1NjIyNTAifQ%3D%3D\" href='https:\/\/conic.cat\/wp-content\/uploads\/2023\/10\/Conic_Rector-Ubach_baixa11.jpg'><img decoding=\"async\" width=\"555\" height=\"278\" src=\"https:\/\/conic.cat\/wp-content\/uploads\/2023\/10\/Conic_Rector-Ubach_baixa11-1300x650.jpg\" class=\"attachment-qi_addons_for_elementor_image_size_landscape size-qi_addons_for_elementor_image_size_landscape\" alt=\"\" \/><\/a>\n\t\t\t<\/div><\/figure><figure class='gallery-item'>\n\t\t\t<div class='gallery-icon landscape'>\n\t\t\t\t<a data-elementor-open-lightbox=\"yes\" data-elementor-lightbox-slideshow=\"0562250\" data-elementor-lightbox-title=\"Conic_Rector Ubach_baixa12\" data-e-action-hash=\"#elementor-action%3Aaction%3Dlightbox%26settings%3DeyJpZCI6MTM0MCwidXJsIjoiaHR0cHM6XC9cL2NvbmljLmNhdFwvd3AtY29udGVudFwvdXBsb2Fkc1wvMjAyM1wvMTBcL0NvbmljX1JlY3Rvci1VYmFjaF9iYWl4YTEyLmpwZyIsInNsaWRlc2hvdyI6IjA1NjIyNTAifQ%3D%3D\" href='https:\/\/conic.cat\/wp-content\/uploads\/2023\/10\/Conic_Rector-Ubach_baixa12.jpg'><img loading=\"lazy\" decoding=\"async\" width=\"555\" height=\"278\" src=\"https:\/\/conic.cat\/wp-content\/uploads\/2023\/10\/Conic_Rector-Ubach_baixa12-1300x650.jpg\" class=\"attachment-qi_addons_for_elementor_image_size_landscape size-qi_addons_for_elementor_image_size_landscape\" alt=\"\" \/><\/a>\n\t\t\t<\/div><\/figure><figure class='gallery-item'>\n\t\t\t<div class='gallery-icon landscape'>\n\t\t\t\t<a data-elementor-open-lightbox=\"yes\" data-elementor-lightbox-slideshow=\"0562250\" data-elementor-lightbox-title=\"Conic_Rector Ubach_baixa14\" data-e-action-hash=\"#elementor-action%3Aaction%3Dlightbox%26settings%3DeyJpZCI6MTM0MiwidXJsIjoiaHR0cHM6XC9cL2NvbmljLmNhdFwvd3AtY29udGVudFwvdXBsb2Fkc1wvMjAyM1wvMTBcL0NvbmljX1JlY3Rvci1VYmFjaF9iYWl4YTE0LmpwZyIsInNsaWRlc2hvdyI6IjA1NjIyNTAifQ%3D%3D\" href='https:\/\/conic.cat\/wp-content\/uploads\/2023\/10\/Conic_Rector-Ubach_baixa14.jpg'><img loading=\"lazy\" decoding=\"async\" width=\"555\" height=\"278\" src=\"https:\/\/conic.cat\/wp-content\/uploads\/2023\/10\/Conic_Rector-Ubach_baixa14-1300x650.jpg\" class=\"attachment-qi_addons_for_elementor_image_size_landscape size-qi_addons_for_elementor_image_size_landscape\" alt=\"\" \/><\/a>\n\t\t\t<\/div><\/figure><figure class='gallery-item'>\n\t\t\t<div class='gallery-icon landscape'>\n\t\t\t\t<a data-elementor-open-lightbox=\"yes\" data-elementor-lightbox-slideshow=\"0562250\" data-elementor-lightbox-title=\"Conic_Rector Ubach_baixa09\" data-e-action-hash=\"#elementor-action%3Aaction%3Dlightbox%26settings%3DeyJpZCI6MTMzNywidXJsIjoiaHR0cHM6XC9cL2NvbmljLmNhdFwvd3AtY29udGVudFwvdXBsb2Fkc1wvMjAyM1wvMTBcL0NvbmljX1JlY3Rvci1VYmFjaF9iYWl4YTA5LmpwZyIsInNsaWRlc2hvdyI6IjA1NjIyNTAifQ%3D%3D\" href='https:\/\/conic.cat\/wp-content\/uploads\/2023\/10\/Conic_Rector-Ubach_baixa09.jpg'><img loading=\"lazy\" decoding=\"async\" width=\"555\" height=\"278\" src=\"https:\/\/conic.cat\/wp-content\/uploads\/2023\/10\/Conic_Rector-Ubach_baixa09-1300x650.jpg\" class=\"attachment-qi_addons_for_elementor_image_size_landscape size-qi_addons_for_elementor_image_size_landscape\" alt=\"\" \/><\/a>\n\t\t\t<\/div><\/figure><figure class='gallery-item'>\n\t\t\t<div class='gallery-icon portrait'>\n\t\t\t\t<a data-elementor-open-lightbox=\"yes\" data-elementor-lightbox-slideshow=\"0562250\" data-elementor-lightbox-title=\"Conic_Rector Ubach_baixa10\" data-e-action-hash=\"#elementor-action%3Aaction%3Dlightbox%26settings%3DeyJpZCI6MTMzOCwidXJsIjoiaHR0cHM6XC9cL2NvbmljLmNhdFwvd3AtY29udGVudFwvdXBsb2Fkc1wvMjAyM1wvMTBcL0NvbmljX1JlY3Rvci1VYmFjaF9iYWl4YTEwLmpwZyIsInNsaWRlc2hvdyI6IjA1NjIyNTAifQ%3D%3D\" href='https:\/\/conic.cat\/wp-content\/uploads\/2023\/10\/Conic_Rector-Ubach_baixa10.jpg'><img loading=\"lazy\" decoding=\"async\" width=\"555\" height=\"278\" src=\"https:\/\/conic.cat\/wp-content\/uploads\/2023\/10\/Conic_Rector-Ubach_baixa10-1300x650.jpg\" class=\"attachment-qi_addons_for_elementor_image_size_landscape size-qi_addons_for_elementor_image_size_landscape\" alt=\"\" \/><\/a>\n\t\t\t<\/div><\/figure><figure class='gallery-item'>\n\t\t\t<div class='gallery-icon portrait'>\n\t\t\t\t<a data-elementor-open-lightbox=\"yes\" data-elementor-lightbox-slideshow=\"0562250\" data-elementor-lightbox-title=\"Conic_Rector Ubach_baixa08\" data-e-action-hash=\"#elementor-action%3Aaction%3Dlightbox%26settings%3DeyJpZCI6MTMzNiwidXJsIjoiaHR0cHM6XC9cL2NvbmljLmNhdFwvd3AtY29udGVudFwvdXBsb2Fkc1wvMjAyM1wvMTBcL0NvbmljX1JlY3Rvci1VYmFjaF9iYWl4YTA4LmpwZyIsInNsaWRlc2hvdyI6IjA1NjIyNTAifQ%3D%3D\" href='https:\/\/conic.cat\/wp-content\/uploads\/2023\/10\/Conic_Rector-Ubach_baixa08.jpg'><img loading=\"lazy\" decoding=\"async\" width=\"555\" height=\"278\" src=\"https:\/\/conic.cat\/wp-content\/uploads\/2023\/10\/Conic_Rector-Ubach_baixa08-1300x650.jpg\" class=\"attachment-qi_addons_for_elementor_image_size_landscape size-qi_addons_for_elementor_image_size_landscape\" alt=\"\" \/><\/a>\n\t\t\t<\/div><\/figure><figure class='gallery-item'>\n\t\t\t<div class='gallery-icon portrait'>\n\t\t\t\t<a data-elementor-open-lightbox=\"yes\" data-elementor-lightbox-slideshow=\"0562250\" data-elementor-lightbox-title=\"Conic_Rector Ubach_baixa07\" data-e-action-hash=\"#elementor-action%3Aaction%3Dlightbox%26settings%3DeyJpZCI6MTMzNSwidXJsIjoiaHR0cHM6XC9cL2NvbmljLmNhdFwvd3AtY29udGVudFwvdXBsb2Fkc1wvMjAyM1wvMTBcL0NvbmljX1JlY3Rvci1VYmFjaF9iYWl4YTA3LmpwZyIsInNsaWRlc2hvdyI6IjA1NjIyNTAifQ%3D%3D\" href='https:\/\/conic.cat\/wp-content\/uploads\/2023\/10\/Conic_Rector-Ubach_baixa07.jpg'><img loading=\"lazy\" decoding=\"async\" width=\"555\" height=\"278\" src=\"https:\/\/conic.cat\/wp-content\/uploads\/2023\/10\/Conic_Rector-Ubach_baixa07-1300x650.jpg\" class=\"attachment-qi_addons_for_elementor_image_size_landscape size-qi_addons_for_elementor_image_size_landscape\" alt=\"\" \/><\/a>\n\t\t\t<\/div><\/figure><figure class='gallery-item'>\n\t\t\t<div class='gallery-icon landscape'>\n\t\t\t\t<a data-elementor-open-lightbox=\"yes\" data-elementor-lightbox-slideshow=\"0562250\" data-elementor-lightbox-title=\"Conic_Rector Ubach_baixa04\" data-e-action-hash=\"#elementor-action%3Aaction%3Dlightbox%26settings%3DeyJpZCI6MTMzMiwidXJsIjoiaHR0cHM6XC9cL2NvbmljLmNhdFwvd3AtY29udGVudFwvdXBsb2Fkc1wvMjAyM1wvMTBcL0NvbmljX1JlY3Rvci1VYmFjaF9iYWl4YTA0LmpwZyIsInNsaWRlc2hvdyI6IjA1NjIyNTAifQ%3D%3D\" href='https:\/\/conic.cat\/wp-content\/uploads\/2023\/10\/Conic_Rector-Ubach_baixa04.jpg'><img loading=\"lazy\" decoding=\"async\" width=\"555\" height=\"278\" src=\"https:\/\/conic.cat\/wp-content\/uploads\/2023\/10\/Conic_Rector-Ubach_baixa04-1300x650.jpg\" class=\"attachment-qi_addons_for_elementor_image_size_landscape size-qi_addons_for_elementor_image_size_landscape\" alt=\"\" \/><\/a>\n\t\t\t<\/div><\/figure><figure class='gallery-item'>\n\t\t\t<div class='gallery-icon landscape'>\n\t\t\t\t<a data-elementor-open-lightbox=\"yes\" data-elementor-lightbox-slideshow=\"0562250\" data-elementor-lightbox-title=\"Conic_Rector Ubach_baixa03\" data-e-action-hash=\"#elementor-action%3Aaction%3Dlightbox%26settings%3DeyJpZCI6MTMzMSwidXJsIjoiaHR0cHM6XC9cL2NvbmljLmNhdFwvd3AtY29udGVudFwvdXBsb2Fkc1wvMjAyM1wvMTBcL0NvbmljX1JlY3Rvci1VYmFjaF9iYWl4YTAzLmpwZyIsInNsaWRlc2hvdyI6IjA1NjIyNTAifQ%3D%3D\" href='https:\/\/conic.cat\/wp-content\/uploads\/2023\/10\/Conic_Rector-Ubach_baixa03.jpg'><img loading=\"lazy\" decoding=\"async\" width=\"555\" height=\"278\" src=\"https:\/\/conic.cat\/wp-content\/uploads\/2023\/10\/Conic_Rector-Ubach_baixa03-1300x650.jpg\" class=\"attachment-qi_addons_for_elementor_image_size_landscape size-qi_addons_for_elementor_image_size_landscape\" alt=\"\" \/><\/a>\n\t\t\t<\/div><\/figure><figure class='gallery-item'>\n\t\t\t<div class='gallery-icon landscape'>\n\t\t\t\t<a data-elementor-open-lightbox=\"yes\" data-elementor-lightbox-slideshow=\"0562250\" data-elementor-lightbox-title=\"Conic_Rector Ubach_baixa02\" data-e-action-hash=\"#elementor-action%3Aaction%3Dlightbox%26settings%3DeyJpZCI6MTMzMCwidXJsIjoiaHR0cHM6XC9cL2NvbmljLmNhdFwvd3AtY29udGVudFwvdXBsb2Fkc1wvMjAyM1wvMTBcL0NvbmljX1JlY3Rvci1VYmFjaF9iYWl4YTAyLmpwZyIsInNsaWRlc2hvdyI6IjA1NjIyNTAifQ%3D%3D\" href='https:\/\/conic.cat\/wp-content\/uploads\/2023\/10\/Conic_Rector-Ubach_baixa02.jpg'><img loading=\"lazy\" decoding=\"async\" width=\"555\" height=\"278\" src=\"https:\/\/conic.cat\/wp-content\/uploads\/2023\/10\/Conic_Rector-Ubach_baixa02-1300x650.jpg\" class=\"attachment-qi_addons_for_elementor_image_size_landscape size-qi_addons_for_elementor_image_size_landscape\" alt=\"\" \/><\/a>\n\t\t\t<\/div><\/figure><figure class='gallery-item'>\n\t\t\t<div class='gallery-icon portrait'>\n\t\t\t\t<a data-elementor-open-lightbox=\"yes\" data-elementor-lightbox-slideshow=\"0562250\" data-elementor-lightbox-title=\"Conic_Rector Ubach_baixa06\" data-e-action-hash=\"#elementor-action%3Aaction%3Dlightbox%26settings%3DeyJpZCI6MTMzNCwidXJsIjoiaHR0cHM6XC9cL2NvbmljLmNhdFwvd3AtY29udGVudFwvdXBsb2Fkc1wvMjAyM1wvMTBcL0NvbmljX1JlY3Rvci1VYmFjaF9iYWl4YTA2LmpwZyIsInNsaWRlc2hvdyI6IjA1NjIyNTAifQ%3D%3D\" href='https:\/\/conic.cat\/wp-content\/uploads\/2023\/10\/Conic_Rector-Ubach_baixa06.jpg'><img loading=\"lazy\" decoding=\"async\" width=\"555\" height=\"278\" src=\"https:\/\/conic.cat\/wp-content\/uploads\/2023\/10\/Conic_Rector-Ubach_baixa06-1300x650.jpg\" class=\"attachment-qi_addons_for_elementor_image_size_landscape size-qi_addons_for_elementor_image_size_landscape\" alt=\"\" \/><\/a>\n\t\t\t<\/div><\/figure><figure class='gallery-item'>\n\t\t\t<div class='gallery-icon portrait'>\n\t\t\t\t<a data-elementor-open-lightbox=\"yes\" data-elementor-lightbox-slideshow=\"0562250\" data-elementor-lightbox-title=\"Conic_Rector Ubach_baixa05\" data-e-action-hash=\"#elementor-action%3Aaction%3Dlightbox%26settings%3DeyJpZCI6MTMzMywidXJsIjoiaHR0cHM6XC9cL2NvbmljLmNhdFwvd3AtY29udGVudFwvdXBsb2Fkc1wvMjAyM1wvMTBcL0NvbmljX1JlY3Rvci1VYmFjaF9iYWl4YTA1LmpwZyIsInNsaWRlc2hvdyI6IjA1NjIyNTAifQ%3D%3D\" href='https:\/\/conic.cat\/wp-content\/uploads\/2023\/10\/Conic_Rector-Ubach_baixa05.jpg'><img loading=\"lazy\" decoding=\"async\" width=\"555\" height=\"278\" src=\"https:\/\/conic.cat\/wp-content\/uploads\/2023\/10\/Conic_Rector-Ubach_baixa05-1300x650.jpg\" class=\"attachment-qi_addons_for_elementor_image_size_landscape size-qi_addons_for_elementor_image_size_landscape\" alt=\"\" \/><\/a>\n\t\t\t<\/div><\/figure>\n\t\t<\/div>\n\t\t<\/div>\n\t\t\t\t\t\t<\/div>\n\t\t\t\t<\/div>\n\t\t\t\t<\/div>\n\t\t\t\t<\/div>\n\t\t","protected":false},"excerpt":{"rendered":"<p>Categor\u00eda: Local comercial Dise\u00f1o: Maria Guimer\u00e0Construcci\u00f3n y gesti\u00f3n: C\u00f2nicFotografia: Cristina Palomar Reforma integral d\u2019un habitatge unifamiliar situat al carrer Rector Ubach de Barcelona. Se modifica la distribuci\u00f3n seg\u00fan las necesidades del cliente, dejando un espacio m\u00e1s funcional en las zonas comunes y abriendo espacio en las habitaciones. El disseny combina la fusta massissa del paviment [&hellip;]<\/p>\n","protected":false},"featured_media":1329,"parent":0,"menu_order":9,"template":"","format":"standard","meta":{"_acf_changed":false,"footnotes":""},"tipo-de-proyecto":[26],"class_list":["post-1586","proyecto","type-proyecto","status-publish","format-standard","has-post-thumbnail","hentry","tipo-de-proyecto-vivienda"],"acf":[],"yoast_head":"<!-- This site is optimized with the Yoast SEO plugin v26.4 - https:\/\/yoast.com\/wordpress\/plugins\/seo\/ -->\n<title>RECTOR UBACH - Conic<\/title>\n<meta name=\"robots\" content=\"index, follow, max-snippet:-1, max-image-preview:large, max-video-preview:-1\" \/>\n<link rel=\"canonical\" href=\"https:\/\/conic.cat\/proyecto\/rector-ubach\/\" \/>\n<meta property=\"og:locale\" content=\"es_ES\" \/>\n<meta property=\"og:type\" content=\"article\" \/>\n<meta property=\"og:title\" content=\"RECTOR UBACH - Conic\" \/>\n<meta property=\"og:description\" content=\"Categor\u00eda: Local comercial Dise\u00f1o: Maria Guimer\u00e0Construcci\u00f3n y gesti\u00f3n: C\u00f2nicFotografia: Cristina Palomar Reforma integral d\u2019un habitatge unifamiliar situat al carrer Rector Ubach de Barcelona. Se modifica la distribuci\u00f3n seg\u00fan las necesidades del cliente, dejando un espacio m\u00e1s funcional en las zonas comunes y abriendo espacio en las habitaciones. El disseny combina la fusta massissa del paviment [&hellip;]\" \/>\n<meta property=\"og:url\" content=\"https:\/\/conic.cat\/proyecto\/rector-ubach\/\" \/>\n<meta property=\"og:site_name\" content=\"Conic\" \/>\n<meta property=\"article:modified_time\" content=\"2024-01-08T14:11:50+00:00\" \/>\n<meta property=\"og:image\" content=\"https:\/\/conic.cat\/wp-content\/uploads\/2023\/10\/Conic_Rector-Ubach_baixa01.jpg\" \/>\n\t<meta property=\"og:image:width\" content=\"2000\" \/>\n\t<meta property=\"og:image:height\" content=\"1333\" \/>\n\t<meta property=\"og:image:type\" content=\"image\/jpeg\" \/>\n<meta name=\"twitter:card\" content=\"summary_large_image\" \/>\n<script type=\"application\/ld+json\" class=\"yoast-schema-graph\">{\"@context\":\"https:\/\/schema.org\",\"@graph\":[{\"@type\":\"WebPage\",\"@id\":\"https:\/\/conic.cat\/proyecto\/rector-ubach\/\",\"url\":\"https:\/\/conic.cat\/proyecto\/rector-ubach\/\",\"name\":\"RECTOR UBACH - Conic\",\"isPartOf\":{\"@id\":\"https:\/\/conic.cat\/#website\"},\"primaryImageOfPage\":{\"@id\":\"https:\/\/conic.cat\/proyecto\/rector-ubach\/#primaryimage\"},\"image\":{\"@id\":\"https:\/\/conic.cat\/proyecto\/rector-ubach\/#primaryimage\"},\"thumbnailUrl\":\"https:\/\/conic.cat\/wp-content\/uploads\/2023\/10\/Conic_Rector-Ubach_baixa01.jpg\",\"datePublished\":\"2023-10-27T12:16:03+00:00\",\"dateModified\":\"2024-01-08T14:11:50+00:00\",\"breadcrumb\":{\"@id\":\"https:\/\/conic.cat\/proyecto\/rector-ubach\/#breadcrumb\"},\"inLanguage\":\"es\",\"potentialAction\":[{\"@type\":\"ReadAction\",\"target\":[\"https:\/\/conic.cat\/proyecto\/rector-ubach\/\"]}]},{\"@type\":\"ImageObject\",\"inLanguage\":\"es\",\"@id\":\"https:\/\/conic.cat\/proyecto\/rector-ubach\/#primaryimage\",\"url\":\"https:\/\/conic.cat\/wp-content\/uploads\/2023\/10\/Conic_Rector-Ubach_baixa01.jpg\",\"contentUrl\":\"https:\/\/conic.cat\/wp-content\/uploads\/2023\/10\/Conic_Rector-Ubach_baixa01.jpg\",\"width\":2000,\"height\":1333},{\"@type\":\"BreadcrumbList\",\"@id\":\"https:\/\/conic.cat\/proyecto\/rector-ubach\/#breadcrumb\",\"itemListElement\":[{\"@type\":\"ListItem\",\"position\":1,\"name\":\"Inici\",\"item\":\"https:\/\/conic.cat\/es\/home\/\"},{\"@type\":\"ListItem\",\"position\":2,\"name\":\"RECTOR UBACH\"}]},{\"@type\":\"WebSite\",\"@id\":\"https:\/\/conic.cat\/#website\",\"url\":\"https:\/\/conic.cat\/\",\"name\":\"Conic\",\"description\":\"Obres - Projectes - Legalitzacions\",\"publisher\":{\"@id\":\"https:\/\/conic.cat\/#organization\"},\"potentialAction\":[{\"@type\":\"SearchAction\",\"target\":{\"@type\":\"EntryPoint\",\"urlTemplate\":\"https:\/\/conic.cat\/?s={search_term_string}\"},\"query-input\":{\"@type\":\"PropertyValueSpecification\",\"valueRequired\":true,\"valueName\":\"search_term_string\"}}],\"inLanguage\":\"es\"},{\"@type\":\"Organization\",\"@id\":\"https:\/\/conic.cat\/#organization\",\"name\":\"Conic\",\"url\":\"https:\/\/conic.cat\/\",\"logo\":{\"@type\":\"ImageObject\",\"inLanguage\":\"es\",\"@id\":\"https:\/\/conic.cat\/#\/schema\/logo\/image\/\",\"url\":\"https:\/\/conic.cat\/wp-content\/uploads\/2023\/09\/Conic-logo.svg\",\"contentUrl\":\"https:\/\/conic.cat\/wp-content\/uploads\/2023\/09\/Conic-logo.svg\",\"width\":850,\"height\":173,\"caption\":\"Conic\"},\"image\":{\"@id\":\"https:\/\/conic.cat\/#\/schema\/logo\/image\/\"}}]}<\/script>\n<!-- \/ Yoast SEO plugin. -->","yoast_head_json":{"title":"RECTOR UBACH - Conic","robots":{"index":"index","follow":"follow","max-snippet":"max-snippet:-1","max-image-preview":"max-image-preview:large","max-video-preview":"max-video-preview:-1"},"canonical":"https:\/\/conic.cat\/proyecto\/rector-ubach\/","og_locale":"es_ES","og_type":"article","og_title":"RECTOR UBACH - Conic","og_description":"Categor\u00eda: Local comercial Dise\u00f1o: Maria Guimer\u00e0Construcci\u00f3n y gesti\u00f3n: C\u00f2nicFotografia: Cristina Palomar Reforma integral d\u2019un habitatge unifamiliar situat al carrer Rector Ubach de Barcelona. Se modifica la distribuci\u00f3n seg\u00fan las necesidades del cliente, dejando un espacio m\u00e1s funcional en las zonas comunes y abriendo espacio en las habitaciones. El disseny combina la fusta massissa del paviment [&hellip;]","og_url":"https:\/\/conic.cat\/proyecto\/rector-ubach\/","og_site_name":"Conic","article_modified_time":"2024-01-08T14:11:50+00:00","og_image":[{"width":2000,"height":1333,"url":"https:\/\/conic.cat\/wp-content\/uploads\/2023\/10\/Conic_Rector-Ubach_baixa01.jpg","type":"image\/jpeg"}],"twitter_card":"summary_large_image","schema":{"@context":"https:\/\/schema.org","@graph":[{"@type":"WebPage","@id":"https:\/\/conic.cat\/proyecto\/rector-ubach\/","url":"https:\/\/conic.cat\/proyecto\/rector-ubach\/","name":"RECTOR UBACH - Conic","isPartOf":{"@id":"https:\/\/conic.cat\/#website"},"primaryImageOfPage":{"@id":"https:\/\/conic.cat\/proyecto\/rector-ubach\/#primaryimage"},"image":{"@id":"https:\/\/conic.cat\/proyecto\/rector-ubach\/#primaryimage"},"thumbnailUrl":"https:\/\/conic.cat\/wp-content\/uploads\/2023\/10\/Conic_Rector-Ubach_baixa01.jpg","datePublished":"2023-10-27T12:16:03+00:00","dateModified":"2024-01-08T14:11:50+00:00","breadcrumb":{"@id":"https:\/\/conic.cat\/proyecto\/rector-ubach\/#breadcrumb"},"inLanguage":"es","potentialAction":[{"@type":"ReadAction","target":["https:\/\/conic.cat\/proyecto\/rector-ubach\/"]}]},{"@type":"ImageObject","inLanguage":"es","@id":"https:\/\/conic.cat\/proyecto\/rector-ubach\/#primaryimage","url":"https:\/\/conic.cat\/wp-content\/uploads\/2023\/10\/Conic_Rector-Ubach_baixa01.jpg","contentUrl":"https:\/\/conic.cat\/wp-content\/uploads\/2023\/10\/Conic_Rector-Ubach_baixa01.jpg","width":2000,"height":1333},{"@type":"BreadcrumbList","@id":"https:\/\/conic.cat\/proyecto\/rector-ubach\/#breadcrumb","itemListElement":[{"@type":"ListItem","position":1,"name":"Inici","item":"https:\/\/conic.cat\/es\/home\/"},{"@type":"ListItem","position":2,"name":"RECTOR UBACH"}]},{"@type":"WebSite","@id":"https:\/\/conic.cat\/#website","url":"https:\/\/conic.cat\/","name":"Conic","description":"Obres - Projectes - Legalitzacions","publisher":{"@id":"https:\/\/conic.cat\/#organization"},"potentialAction":[{"@type":"SearchAction","target":{"@type":"EntryPoint","urlTemplate":"https:\/\/conic.cat\/?s={search_term_string}"},"query-input":{"@type":"PropertyValueSpecification","valueRequired":true,"valueName":"search_term_string"}}],"inLanguage":"es"},{"@type":"Organization","@id":"https:\/\/conic.cat\/#organization","name":"Conic","url":"https:\/\/conic.cat\/","logo":{"@type":"ImageObject","inLanguage":"es","@id":"https:\/\/conic.cat\/#\/schema\/logo\/image\/","url":"https:\/\/conic.cat\/wp-content\/uploads\/2023\/09\/Conic-logo.svg","contentUrl":"https:\/\/conic.cat\/wp-content\/uploads\/2023\/09\/Conic-logo.svg","width":850,"height":173,"caption":"Conic"},"image":{"@id":"https:\/\/conic.cat\/#\/schema\/logo\/image\/"}}]}},"_links":{"self":[{"href":"https:\/\/conic.cat\/es\/wp-json\/wp\/v2\/proyecto\/1586","targetHints":{"allow":["GET"]}}],"collection":[{"href":"https:\/\/conic.cat\/es\/wp-json\/wp\/v2\/proyecto"}],"about":[{"href":"https:\/\/conic.cat\/es\/wp-json\/wp\/v2\/types\/proyecto"}],"version-history":[{"count":4,"href":"https:\/\/conic.cat\/es\/wp-json\/wp\/v2\/proyecto\/1586\/revisions"}],"predecessor-version":[{"id":2062,"href":"https:\/\/conic.cat\/es\/wp-json\/wp\/v2\/proyecto\/1586\/revisions\/2062"}],"wp:featuredmedia":[{"embeddable":true,"href":"https:\/\/conic.cat\/es\/wp-json\/wp\/v2\/media\/1329"}],"wp:attachment":[{"href":"https:\/\/conic.cat\/es\/wp-json\/wp\/v2\/media?parent=1586"}],"wp:term":[{"taxonomy":"tipo-de-proyecto","embeddable":true,"href":"https:\/\/conic.cat\/es\/wp-json\/wp\/v2\/tipo-de-proyecto?post=1586"}],"curies":[{"name":"wp","href":"https:\/\/api.w.org\/{rel}","templated":true}]}}